{"id":23,"date":"2019-10-07T10:18:13","date_gmt":"2019-10-07T08:18:13","guid":{"rendered":"https:\/\/mobilita.trnava.sk\/?page_id=23"},"modified":"2020-02-03T14:03:48","modified_gmt":"2020-02-03T13:03:48","slug":"kontakt","status":"publish","type":"page","link":"https:\/\/mobilita.trnava.sk\/index.php\/kontakt\/","title":{"rendered":"KONTAKT"},"content":{"rendered":"\n<p class=\"has-text-align-left\">V pr\u00edpade V\u00e1\u0161ho bli\u017e\u0161ieho z\u00e1ujmu o Pl\u00e1n mobility alebo pre \u00fa\u010das\u0165 vo verejn\u00fdch debat\u00e1ch n\u00e1s pros\u00edm kontaktujte na e-maile <strong><a href=\"mailto:mobilita.trnava@trnava.sk\">mobilita.trnava@trnava.sk<\/a><\/strong>.<\/p>\n\n\n\n<p>Zad\u00e1vate\u013eom PL\u00c1Nu UDR\u017dATE\u013dNEJ MOBILITY KRAJSK\u00c9HO MESTA TRNAVA A JEHO FUNK\u010cN\u00c9HO \u00daZEMIA je mesto Trnava, zast\u00fapen\u00e9  odborom \u00fazemn\u00e9ho rozvoja a koncepci\u00ed.<\/p>\n\n\n\n<div class=\"wp-block-image\"><figure class=\"aligncenter is-resized\"><a href=\"trnava.sk\" target=\"_blank\" rel=\"noreferrer noopener\"><img loading=\"lazy\" decoding=\"async\" src=\"https:\/\/mobilita.trnava.sk\/wp-content\/uploads\/2019\/10\/trnava-orez.png\" alt=\"trnava.sk\" class=\"wp-image-152\" width=\"214\" height=\"82\" srcset=\"https:\/\/mobilita.trnava.sk\/wp-content\/uploads\/2019\/10\/trnava-orez.png 813w, https:\/\/mobilita.trnava.sk\/wp-content\/uploads\/2019\/10\/trnava-orez-300x116.png 300w, https:\/\/mobilita.trnava.sk\/wp-content\/uploads\/2019\/10\/trnava-orez-768x298.png 768w, https:\/\/mobilita.trnava.sk\/wp-content\/uploads\/2019\/10\/trnava-orez-150x58.png 150w\" sizes=\"(max-width: 214px) 100vw, 214px\" \/><\/a><\/figure><\/div>\n\n\n\n<p>Spracovate\u013eom dokumentace je firma AFRY CZ s.r.o.  v spolupr\u00e1ci s firmami  EKOLA group, spol. s\u00a0r.o. a  CZECH Consult,\u00a0spol. s r.o.  <\/p>\n\n\n\n<div class=\"wp-block-columns has-3-columns is-layout-flex wp-container-core-columns-layout-1 wp-block-columns-is-layout-flex\">\n<div class=\"wp-block-column is-layout-flow wp-block-column-is-layout-flow\">\n<p><a href=\"http:\/\/afry.cz\" target=\"_blank\" rel=\"noreferrer noopener\" aria-label=\"\ufffc (otvor\u00ed sa v novej karte)\"><img loading=\"lazy\" decoding=\"async\" width=\"1920\" height=\"1080\" class=\"wp-image-249\" style=\"width: 250px;\" src=\"https:\/\/mobilita.trnava.sk\/wp-content\/uploads\/2020\/02\/AFRY_Logotype_Horizontal_Explainer.png\" alt=\"\" srcset=\"https:\/\/mobilita.trnava.sk\/wp-content\/uploads\/2020\/02\/AFRY_Logotype_Horizontal_Explainer.png 1920w, https:\/\/mobilita.trnava.sk\/wp-content\/uploads\/2020\/02\/AFRY_Logotype_Horizontal_Explainer-300x169.png 300w, https:\/\/mobilita.trnava.sk\/wp-content\/uploads\/2020\/02\/AFRY_Logotype_Horizontal_Explainer-1024x576.png 1024w, https:\/\/mobilita.trnava.sk\/wp-content\/uploads\/2020\/02\/AFRY_Logotype_Horizontal_Explainer-768x432.png 768w, https:\/\/mobilita.trnava.sk\/wp-content\/uploads\/2020\/02\/AFRY_Logotype_Horizontal_Explainer-1536x864.png 1536w, https:\/\/mobilita.trnava.sk\/wp-content\/uploads\/2020\/02\/AFRY_Logotype_Horizontal_Explainer-150x84.png 150w\" sizes=\"(max-width: 1920px) 100vw, 1920px\" \/><\/a><\/p>\n<\/div>\n\n\n\n<div class=\"wp-block-column is-layout-flow wp-block-column-is-layout-flow\">\n<p class=\"has-text-align-center\"><a href=\"http:\/\/www.ekolagroup.cz\/\" target=\"_blank\" rel=\"noreferrer noopener\" aria-label=\"\ufffc (otvor\u00ed sa v novej karte)\"><img loading=\"lazy\" decoding=\"async\" width=\"166\" height=\"100\" class=\"wp-image-154\" style=\"width: 150px;\" src=\"https:\/\/mobilita.trnava.sk\/wp-content\/uploads\/2019\/10\/ekola-1.png\" alt=\"\" srcset=\"https:\/\/mobilita.trnava.sk\/wp-content\/uploads\/2019\/10\/ekola-1.png 166w, https:\/\/mobilita.trnava.sk\/wp-content\/uploads\/2019\/10\/ekola-1-150x90.png 150w\" sizes=\"(max-width: 166px) 100vw, 166px\" \/><\/a><\/p>\n<\/div>\n\n\n\n<div class=\"wp-block-column is-layout-flow wp-block-column-is-layout-flow\">\n<p class=\"has-text-align-center\"><a href=\"https:\/\/www.czechconsult.cz\/cs\/\" target=\"_blank\" rel=\"noreferrer noopener\" aria-label=\"\ufffc (otvor\u00ed sa v novej karte)\"><img loading=\"lazy\" decoding=\"async\" width=\"300\" height=\"107\" class=\"wp-image-150\" style=\"width: 150px;\" src=\"https:\/\/mobilita.trnava.sk\/wp-content\/uploads\/2019\/10\/czech-consult.png\" alt=\"\" srcset=\"https:\/\/mobilita.trnava.sk\/wp-content\/uploads\/2019\/10\/czech-consult.png 300w, https:\/\/mobilita.trnava.sk\/wp-content\/uploads\/2019\/10\/czech-consult-150x54.png 150w\" sizes=\"(max-width: 300px) 100vw, 300px\" \/><\/a><\/p>\n<\/div>\n<\/div>\n\n\n\n<p><\/p>\n","protected":false},"excerpt":{"rendered":"<p>V pr\u00edpade V\u00e1\u0161ho bli\u017e\u0161ieho z\u00e1ujmu o Pl\u00e1n mobility alebo pre \u00fa\u010das\u0165 vo verejn\u00fdch debat\u00e1ch n\u00e1s pros\u00edm kontaktujte na e-maile mobilita.trnava@trnava.sk. Zad\u00e1vate\u013eom PL\u00c1Nu UDR\u017dATE\u013dNEJ MOBILITY KRAJSK\u00c9HO MESTA TRNAVA A JEHO FUNK\u010cN\u00c9HO \u00daZEMIA je mesto Trnava, zast\u00fapen\u00e9 odborom \u00fazemn\u00e9ho rozvoja a koncepci\u00ed. Spracovate\u013eom dokumentace je firma AFRY CZ s.r.o. v spolupr\u00e1ci s&#8230;<\/p>\n<p class=\"continue-reading-button\"> <a class=\"continue-reading-link\" href=\"https:\/\/mobilita.trnava.sk\/index.php\/kontakt\/\">\u010c\u00edta\u0165 \u010falej<i class=\"crycon-right-dir\"><\/i><\/a><\/p>\n","protected":false},"author":1,"featured_media":0,"parent":0,"menu_order":0,"comment_status":"closed","ping_status":"closed","template":"","meta":{"footnotes":""},"_links":{"self":[{"href":"https:\/\/mobilita.trnava.sk\/index.php\/wp-json\/wp\/v2\/pages\/23"}],"collection":[{"href":"https:\/\/mobilita.trnava.sk\/index.php\/wp-json\/wp\/v2\/pages"}],"about":[{"href":"https:\/\/mobilita.trnava.sk\/index.php\/wp-json\/wp\/v2\/types\/page"}],"author":[{"embeddable":true,"href":"https:\/\/mobilita.trnava.sk\/index.php\/wp-json\/wp\/v2\/users\/1"}],"replies":[{"embeddable":true,"href":"https:\/\/mobilita.trnava.sk\/index.php\/wp-json\/wp\/v2\/comments?post=23"}],"version-history":[{"count":17,"href":"https:\/\/mobilita.trnava.sk\/index.php\/wp-json\/wp\/v2\/pages\/23\/revisions"}],"predecessor-version":[{"id":252,"href":"https:\/\/mobilita.trnava.sk\/index.php\/wp-json\/wp\/v2\/pages\/23\/revisions\/252"}],"wp:attachment":[{"href":"https:\/\/mobilita.trnava.sk\/index.php\/wp-json\/wp\/v2\/media?parent=23"}],"curies":[{"name":"wp","href":"https:\/\/api.w.org\/{rel}","templated":true}]}}